{"id":1091,"date":"2025-02-05T11:08:40","date_gmt":"2025-02-05T10:08:40","guid":{"rendered":"https:\/\/hostalciudadcondal.com\/?page_id=1091"},"modified":"2025-02-18T15:54:24","modified_gmt":"2025-02-18T14:54:24","slug":"avis-legal-i-politica-de-privacitat","status":"publish","type":"page","link":"https:\/\/hostalciudadcondal.com\/ca\/avis-legal-i-politica-de-privacitat\/","title":{"rendered":"Av\u00eds legal i pol\u00edtica de privacitat"},"content":{"rendered":"\t\t<div data-elementor-type=\"wp-page\" data-elementor-id=\"1091\" class=\"elementor elementor-1091 elementor-250\">\n\t\t\t\t\t\t<section class=\"elementor-section elementor-top-section elementor-element elementor-element-1602a5b elementor-section-full_width elementor-section-height-min-height elementor-section-height-default elementor-section-items-middle\" data-id=\"1602a5b\" data-element_type=\"section\" data-settings=\"{&quot;background_background&quot;:&quot;classic&quot;}\">\n\t\t\t\t\t\t\t<div class=\"elementor-background-overlay\"><\/div>\n\t\t\t\t\t\t\t<div class=\"elementor-container elementor-column-gap-default\">\n\t\t\t\t\t<div class=\"elementor-column elementor-col-100 elementor-top-column elementor-element elementor-element-8920a89\" data-id=\"8920a89\" data-element_type=\"column\">\n\t\t\t<div class=\"elementor-widget-wrap elementor-element-populated\">\n\t\t\t\t\t\t<div class=\"elementor-element elementor-element-6d94e26 elementor-widget elementor-widget-spacer\" data-id=\"6d94e26\" data-element_type=\"widget\" data-widget_type=\"spacer.default\">\n\t\t\t\t<div class=\"elementor-widget-container\">\n\t\t\t\t\t<div class=\"elementor-spacer\">\n\t\t\t<div class=\"elementor-spacer-inner\"><\/div>\n\t\t<\/div>\n\t\t\t\t<\/div>\n\t\t\t\t<\/div>\n\t\t\t\t<div class=\"elementor-element elementor-element-7a1dc13 elementor-view-default elementor-position-top elementor-invisible elementor-widget elementor-widget-themo-header\" data-id=\"7a1dc13\" data-element_type=\"widget\" data-settings=\"{&quot;_animation&quot;:&quot;fadeIn&quot;}\" data-widget_type=\"themo-header.default\">\n\t\t\t\t<div class=\"elementor-widget-container\">\n\t\t\t\t\t<div class=\"th-header-wrap\">\n        <div class=\"elementor-icon-box-wrapper \">\n                            <div class=\"elementor-icon-box-content\">\n                    <h1 class=\"elementor-icon-box-title\">\n                        AV\u00cdS LEGAL I POL\u00cdTICA DE PRIVACITAT                    <\/h1>\n                                        <p class=\"elementor-icon-box-description\"><\/p>\n\n                                    <\/div>\n            <\/div>\n\n        <\/div>\n\n\t\t\t\t<\/div>\n\t\t\t\t<\/div>\n\t\t\t\t\t<\/div>\n\t\t<\/div>\n\t\t\t\t\t<\/div>\n\t\t<\/section>\n\t\t\t\t<section class=\"elementor-section elementor-top-section elementor-element elementor-element-716faeac elementor-section-boxed elementor-section-height-default elementor-section-height-default\" data-id=\"716faeac\" data-element_type=\"section\" data-settings=\"{&quot;background_background&quot;:&quot;classic&quot;}\">\n\t\t\t\t\t\t<div class=\"elementor-container elementor-column-gap-default\">\n\t\t\t\t\t<div class=\"elementor-column elementor-col-100 elementor-top-column elementor-element elementor-element-37914353\" data-id=\"37914353\" data-element_type=\"column\">\n\t\t\t<div class=\"elementor-widget-wrap elementor-element-populated\">\n\t\t\t\t\t\t<div class=\"elementor-element elementor-element-44e03f0 elementor-widget elementor-widget-text-editor\" data-id=\"44e03f0\" data-element_type=\"widget\" data-widget_type=\"text-editor.default\">\n\t\t\t\t<div class=\"elementor-widget-container\">\n\t\t\t\t\t\t\t<p>En compliment de l\u2019article 10 de la Llei 34\/2002, d\u201911 de juliol, de Serveis de la Societat de la Informaci\u00f3 i Comer\u00e7 Electr\u00f2nic (*LSSICE), a continuaci\u00f3, s\u2019exposen les dades identificatives de l\u2019empresa titular del lloc web.<\/p><p><strong>Titular: <span style=\"text-decoration: underline;\">DORMIR EN LA CIUDAD CONDAL S.L<\/span><\/strong><\/p><p><strong>en representaci\u00f3 de<\/strong>: Hostal CIUDAD CONDAL<\/p><p><strong>C.I.F.: <\/strong>B13702618<\/p><p><strong>Direcci\u00f3: <\/strong>C\/ Mallorca 255 Principal<\/p><p><strong>C.P.: <\/strong>08008 \u2013 BARCELONA<\/p><p><strong>e-mail:\u00a0 <\/strong><a href=\"mailto:info@hostalciudadcondal.com\">info@hostalciudadcondal.com<\/a><\/p><p><strong>Dades Registrals:<\/strong><\/p><p>DORMIR EN LA CIUDAD CONDAL S.L \u00e9s propiet\u00e0ria del nom de domini i lloc en Internet al qual s\u2019accedeix atrav\u00e9s de l\u2019adre\u00e7a.<\/p><p><u>https:\/\/hostalciudadcondal.com<\/u><\/p><h3><strong>ACEPTACI\u00d3 DE LES CONDICIONS D\u2019US<\/strong><\/h3><p>Les presents condicions (d\u2019ara endavant denominades \u201cAv\u00eds legal\u201d) tenen per objecte regular l\u2019\u00fas d\u2019aquesta Web que DORMIR EN LA CIUDAD CONDAL S.L, en representaci\u00f3 d\u2019Hostal CIUDAD CONDAL. (d\u2019ara endavant \u201cL\u2019EMPRESA\u201d) posa a la disposici\u00f3 del p\u00fablic en la present URL.<\/p><p>La utilitzaci\u00f3 del lloc web per un tercer li atribueix la condici\u00f3 d\u2019Usuari i suposa l\u2019acceptaci\u00f3 plena per aquest Usuari de totes i cadascuna de les condicions que s\u2019incorporen al present Av\u00eds legal<\/p><ul><li><strong>CONDICIONS D\u2019\u00daS DE LA WEB<\/strong><\/li><\/ul><p>L\u2019Usuari es compromet a utilitzar la Web de conformitat amb la Llei, el present Av\u00eds Legal, i altres avisos, reglaments d\u2019\u00fas i instruccions posats en el seu coneixement, aix\u00ed com amb la moral i els bons costums generalment acceptades i l\u2019ordre p\u00fablic.<\/p><p>L\u2019Usuari s\u2019obliga a usar els Continguts de manera diligent, correcta i l\u00edcita i, en particular, es compromet a abstenir-se de (a) utilitzar els Continguts de forma, amb finalitats o efectes contraris a la llei, a la moral i als bons costums generalment acceptades o a l\u2019ordre p\u00fablic;<\/p><p>(b) reproduir o copiar, distribuir, permetre l\u2019acc\u00e9s del p\u00fablic a trav\u00e9s de qualsevol modalitat de comunicaci\u00f3 p\u00fablica, transformar o modificar els Continguts, tret que es compti amb l\u2019autoritzaci\u00f3 del titular dels corresponents drets o aix\u00f2 resulti legalment perm\u00e8s; (c) suprimir, eludir o manipular el \u201ccopyright\u201d i altres dades identificatives.<\/p><p>\u01eaueda prohibit realitzar sense la deguda autoritzaci\u00f3 qualsevol tipus de publicitat o informaci\u00f3 comercial directament o de forma encoberta l\u2019enviament de correus massius (\u201c*spaming\u201d).<\/p><p>Igualment, queda prohibit realitzar accions que puguin produir en el lloc web o a trav\u00e9s d\u2019aquest per qualsevol mitj\u00e0, qualsevol tipus de mal als sistemes de l\u2019EMPRESA o a tercers.<\/p><p>\u01eaualsevol enlla\u00e7 que s\u2019efectu\u00ef amb els continguts, requerir\u00e0 la pr\u00e8via conformitat de l\u2019EMPRESA i haur\u00e0 de permetre, mitjan\u00e7ant l\u2019oportuna visualitzaci\u00f3, la identificaci\u00f3 de la seva proced\u00e8ncia. La utilitzaci\u00f3 d\u2019aquesta informaci\u00f3 en altres llocs d\u2019Internet requerir\u00e0 autoritzaci\u00f3 expressa.<\/p><ul><li><strong>EXEMPCI\u00d3 DE RESPONSABILITATS<\/strong><\/li><\/ul><p>DORMIR EN LA CIUDAD CONDAL S.L, en representaci\u00f3 d\u2019Hostal CIUTAT COMTAL. podr\u00e0 modificar, sense previ av\u00eds, la informaci\u00f3 continguda en el seu lloc web, aix\u00ed com la seva configuraci\u00f3 i presentaci\u00f3. L\u2019EMPRESA no garanteix la inexist\u00e8ncia d\u2019interrupcions o errors en l\u2019acc\u00e9s a la p\u00e0gina Web, en el seu contingut, ni que aquest es trobi actualitzat, encara que desenvolupar\u00e0 els seus millors esfor\u00e7os per a, en el seu cas, evitar-los, esmenar-los o actualitzar-los.<\/p><p>L\u2019EMPRESA no es fa responsable dels danys i perjudicis directes o indirectes, inclosos danys a sistemes inform\u00e0tics i introducci\u00f3 de virus existents en la xarxa, derivats de la navegaci\u00f3 per Internet necess\u00e0ria per a l\u2019\u00fas d\u2019aquest lloc web.<\/p><p>L\u2019EMPRESA es compromet a trav\u00e9s d\u2019aquest mitj\u00e0 a NO REALITZAR PUBLICITAT ENGANYOSA. A aquest efecte, per tant, no seran considerats com a publicitat enganyosa els errors formals o num\u00e8rics que puguin trobar-se al llarg del contingut de les diferents seccions de la Web <u>https:\/\/hostalciudadcondal.com<\/u>, produ\u00efts a conseq\u00fc\u00e8ncia d\u2019un manteniment i\/o actualitzaci\u00f3 incompleta o defectuosa de la informaci\u00f3 continguda d\u2019aquestes seccions.<\/p><p>L\u2019EMPRESA a conseq\u00fc\u00e8ncia del que es disposa en aquest apartat, es compromet a corregir- lo tan aviat com tingui coneixement d\u2019aquests errors. L\u2019EMPRESA no es fa responsable de l\u2019incompliment de qualsevol norma aplicable en qu\u00e8 pugui inc\u00f3rrer l\u2019Usuari en el seu acc\u00e9s al present lloc web i\/o en l\u2019\u00fas de les informacions contingudes en aquest. En definitiva, l\u2019Usuari \u00e9s l\u2019\u00fanic responsable de l\u2019\u00fas que realitzi dels serveis, continguts, enlla\u00e7os (links) i hipertext incl\u00f2s en el lloc web de l\u2019EMPRESA.<\/p><ul><li><strong>COPYRIGHT<\/strong><\/li><\/ul><p>Tot el material audiovisual, marques registrades o qualsevol element subjecte a propietat intel\u00b7lectual o industrial incl\u00f2s en aquesta web \u00e9s propietat de DORMIR EN LA CIUDAD CONDAL S.L o compta amb dret suficient per al seu \u00fas. La reproducci\u00f3 del referit material nom\u00e9s est\u00e0 permesa si \u00e9s per a \u00fas exclusivament personal, quedant prohibida qualsevol modificaci\u00f3, c\u00f2pia, lloguer, pr\u00e9stec, transmissi\u00f3 i difusi\u00f3 no autoritzada.<\/p><ul><li><strong>DRETS PROPIETAT INTEL\u00b7LECTUAL I INDUSTRIAL<\/strong><\/li><\/ul><p>Tots els continguts de la Web, tret que s\u2019indiqui el contrari, s\u00f3n titularitat exclusiva de DORMIR EN LA CIUDAD CONDAL S.L i, amb car\u00e0cter enunciatiu, que no limitatiu, el disseny gr\u00e0fic, codi font, logos, textos, gr\u00e0fics, il\u00b7lustracions, fotografies, i altres elements que apareixen en la Web. Igualment, tots els noms comercials, marques o signes distintius de qualsevol classe continguts en el Web estan protegits per la Llei.<\/p><p>L\u2019EMPRESA no concedeix cap mena de llic\u00e8ncia o autoritzaci\u00f3 d\u2019\u00fas personal a l\u2019Usuari sobre els seus drets de propietat intel\u00b7lectual i industrial o sobre qualsevol altre dret relacionat amb el seu Web i els serveis oferts en aquesta.<\/p><p>Per aix\u00f2, l\u2019Usuari reconeix que la reproducci\u00f3, distribuci\u00f3, comercialitzaci\u00f3, transformaci\u00f3, i en general, qualsevol altra forma d\u2019explotaci\u00f3, per qualsevol procediment, de tot o part dels continguts d\u2019aquest Web constitueix una infracci\u00f3 dels drets de propietat intel\u00b7lectual i\/o industrial de l\u2019empresa o del titular d\u2019aquests.<\/p><p>L\u2019Usuari, exclusivament, pot utilitzar el material que aparegui en aquest lloc web per al seu \u00fas personal i privat, quedant prohibit el seu \u00fas amb finalitats comercials o per a inc\u00f3rrer en activitats\u00a0\u00a0\u00a0\u00a0\u00a0\u00a0\u00a0\u00a0\u00a0\u00a0\u00a0\u00a0\u00a0\u00a0\u00a0\u00a0\u00a0\u00a0\u00a0\u00a0\u00a0\u00a0\u00a0\u00a0\u00a0\u00a0\u00a0\u00a0\u00a0\u00a0\u00a0\u00a0\u00a0\u00a0\u00a0\u00a0\u00a0\u00a0\u00a0\u00a0\u00a0\u00a0\u00a0\u00a0\u00a0\u00a0\u00a0\u00a0\u00a0\u00a0\u00a0\u00a0\u00a0\u00a0\u00a0\u00a0\u00a0\u00a0\u00a0\u00a0\u00a0\u00a0\u00a0\u00a0\u00a0\u00a0\u00a0\u00a0\u00a0\u00a0\u00a0\u00a0\u00a0\u00a0\u00a0\u00a0\u00a0\u00a0\u00a0\u00a0\u00a0\u00a0\u00a0\u00a0\u00a0\u00a0\u00a0\u00a0\u00a0\u00a0\u00a0\u00a0\u00a0\u00a0\u00a0\u00a0\u00a0\u00a0\u00a0\u00a0\u00a0\u00a0 il\u00b7l\u00edcites.<\/p><p>En virtut del que es disposa en els articles 8 i 32.1, par\u00e0graf segon, de la Llei de Propietat Intel\u00b7lectual, queden expressament prohibides la reproducci\u00f3, la distribuci\u00f3 i la comunicaci\u00f3 p\u00fablica, inclosa la seva modalitat de posada a disposici\u00f3, de la totalitat o part dels continguts d\u2019aquesta p\u00e0gina Web, amb finalitats comercials, en qualsevol suport i per qualsevol mitj\u00e0 t\u00e8cnic, sense l\u2019autoritzaci\u00f3 escrita de DORMIR EN LA CIUDAD CONDAL S.L.<\/p><p>L\u2019Usuari es compromet a respectar els drets de Propietat Intel\u00b7lectual i Industrial titularitat de DORMIR EN LA CIUDAD CONDAL S.L.<\/p><p>L\u2019EMPRESA vetllar\u00e0 pel compliment de les anteriors condicions com per la deguda utilitzaci\u00f3 dels continguts presentats en la seva p\u00e0gina Web <a href=\"http:\/\/www.hostalciudadcondal.com\/\">www.hostalciudadcondal.com<\/a> exercitant totes les accions civils i penals que li corresponguin en el cas d\u2019infracci\u00f3 o incompliment d\u2019aquests drets per part de l\u2019Usuari.<\/p><h3><strong>POL\u00cdTICA DE PRIVACITAT DE DADES<\/strong><\/h3><p>Per aquest mitj\u00e0 s\u2019estableix la forma en qu\u00e8 es gestionaran les dades personals que l\u2019INTERESSAT \/ USUARI \/ HOSTE ens faciliti. Aquesta pol\u00edtica \u00e9s acceptada expressa i plenament per l\u2019USUARI des del moment en qu\u00e8 per a l\u2019\u00fas del lloc o dels serveis oferts per l\u2019EMPRESA, comuniqui a la mateixa les seves dades personals at\u00e8s que aquesta comunicaci\u00f3 sempre \u00e9s volunt\u00e0ria i suposar\u00e0 un acte expl\u00edcit d\u2019acceptaci\u00f3 de les condicions de tractament de les seves dades personals per a la finalitat informada per l\u2019EMPRESA.<\/p><p>A l\u2019efecte del que es preveu en l\u2019Article 13 del Reglament (UE) 2016\/679 del Parlament Europeu I del Consell, relatiu a la protecci\u00f3 de les persones f\u00edsiques pel que fa al tractament de dades personals i la Llei org\u00e0nica de Protecci\u00f3 de Dades i Garantia de Drets Digitals (*LOPDGDD), s\u2019informa de manera clara i transparent de les dades del responsable del tractament.<\/p><ul><li><strong>DADES IDENTIFICATIVES I DE CONTACTE DEL RESPONSABLE DEL TRACTAMENT.<\/strong><ul><li>La seva denominaci\u00f3 social \u00e9s DORMIR EN LA CIUDAD CONDAL L en representaci\u00f3 de: Hostal CIUDAD\u00a0 CONDAL.<\/li><li>El seu CIF \u2013 \u00c9S B13702618 \u2013 El seu domicili \u00e9s \u201cHostal CIUDAD CONDAL\u201d Carrer Mallorca 255 Principal (08008) Barcelona, Espanya \u2013 El seu email de contacte \u00e9s <a href=\"mailto:info@hostalciudadcondal.com\">info@hostalciudadcondal.com<\/a> \u2018EMPRESA ha adoptat les mesures oportunes de seguretat en les seves instal\u00b7lacions, sistemes i tractaments. Ha establert tots els mitjans t\u00e8cnics al seu abast per a evitar la p\u00e8rdua, mal \u00fas, alteraci\u00f3, acc\u00e9s no autoritzat i robatori de les dades quel\u2019INTERESSAT li faciliti, vetllant aix\u00ed per la seva integritat i confidencialitat.<\/li><\/ul><\/li><li><strong>FINALITATS DE TRACTAMENT DE LES DADES DE CAR\u00c0CTER PERSONAL.<\/strong><\/li><\/ul><p>El RESPONSABLE DEL TRACTAMENT utilitzar\u00e0 les dades de car\u00e0cter personal facilitats per a les seg\u00fcents finalitats de tractament:<\/p><ol><li>Per a prestar els serveis sol\u00b7licitats per l\u2019INTERESSAT.<\/li><li>Dur a terme la gesti\u00f3 comercial, comptable i administrativa de les dades<\/li><li>Atendre sol\u00b7licituds d\u2019informaci\u00f3. \u01eauan l\u2019INTERESSAT utilitza els serveis habilitats a aquest efecte per a contactar amb L\u2019EMPRESA (a trav\u00e9s del formulari de contacte, tel\u00e8fon, WhatsApp o correu electr\u00f2nic), L\u2019EMPRESA tractar\u00e0 les seves dades personals per a atendre i gestionar la contestaci\u00f3 de la comunicaci\u00f3 realitzada per l\u2019INTERESSAT.<\/li><\/ol><p>El no facilitar les dades personals sol\u00b7licitades o el no acceptar la present pol\u00edtica de protecci\u00f3 de dades suposa la impossibilitat de dur a terme la prestaci\u00f3 de serveis sol\u00b7licitada per part de l\u2019INTERESSAT.<\/p><p>Les dades personals proporcionades es conservaran mentre l\u2019INTERESSAT no sol\u00b7liciti la seva supressi\u00f3 o cancel\u00b7laci\u00f3 i sempre que resultin adequats, pertinents i limitats al necessari per als fins per als quals siguin tractats. En aquest cas, les dades proporcionades es conservaran mentre es mantingui la relaci\u00f3 contractual, o durant el per\u00edode necessari per a complir amb les obligacions legals. Es garanteix un tractament de dades lleial i transparent.<\/p><ul><li><strong>LEGITIMACI\u00d3 O BASE JUR\u00cdDICA DEL TRACTAMENT.<\/strong><\/li><\/ul><p>La base jur\u00eddica per al tractament de les dades sol\u00b7licitades i recollits per l\u2019EMPRESA ser\u00e0 la seg\u00fcent:<\/p><ul><li style=\"list-style-type: none;\"><ul><li>En el cas de la recollida de dades a trav\u00e9s dels canals de contacte habilitats en el lloc web, incl\u00f2s el formulari de contacte, la base jur\u00eddica del tractament est\u00e0 basada en el consentiment de l\u2019interessat. Per a aix\u00f2, en aquest formulari, s\u2019inclour\u00e0 un *check-box en el qual se sol\u00b7licitar\u00e0 aquest consentiment, informant de l\u2019exist\u00e8ncia de l\u2019av\u00eds legal i de la present pol\u00edtica de privacitat i facilitant l\u2019acc\u00e9s a ambdues.<\/li><\/ul><\/li><\/ul><ul><li><strong>CESSIONS DE LES DADES PERSONALS DE L\u2019USUARI A TERCERS.<\/strong><\/li><\/ul><p>En cap cas cedirem les seves dades a tercers sense informar-lo pr\u00e8viament i requerir-li el seu consentiment.<\/p><p>L\u2019EMPRESA informa l\u2019INTERESSAT que qualsevol cessi\u00f3 de dades que hagi de realitzar, ser\u00e0 posada en el seu coneixement informant-lo de manera expressa, prec\u00eds i inequ\u00edvoc dels destinataris de la informaci\u00f3, de la finalitat a qu\u00e8 es destinaran les dades, i de la naturalesa de les dades cedides i, en el seu cas, quan la legislaci\u00f3 ho estableixi, pr\u00e8viament se sol\u00b7licitar\u00e0 el consentiment expl\u00edcit, inequ\u00edvoc, espec\u00edfic i informat a l\u2019INTERESSAT.<\/p><ul><li><strong>TRANSFER\u00c8NCIES INTERNACIONALS DE DADES<\/strong><\/li><\/ul><p>L\u2019EMPRESA informa l\u2019INTERESSAT que no es realitzen transfer\u00e8ncies internacionals de dades.<\/p><ul><li><strong>EXERCICI DE DRETS D\u2019ACC\u00c9S, RECTIFICACI\u00d3, CANCEL\u00b7LACI\u00d3 O SUPRESSI\u00d3, OPOSICI\u00d3, LIMITACI\u00d3 Al TRACTAMENT I PORTABILITAT.<\/strong><\/li><\/ul><p>L\u2019informem que els drets d\u2019acc\u00e9s, rectificaci\u00f3, supressi\u00f3, limitaci\u00f3 de tractament, o oposici\u00f3 al tractament, aix\u00ed com el dret a la portabilitat de les dades podran ser exercitats davant el Responsable del tractament per qualsevol mitj\u00e0 subjecte en dret, acompanyant de c\u00f2pia de document oficial que li identifiqui dirigint-se a: HOSTAL CIUDAD CONDAL \u2013 DORMIR EN LA CIUDAD CONDAL S.L C\/ Mallorca 255 Principal 08008 Barcelona, Espanya o enviant un missatge al correu electr\u00f2nic a <a href=\"mailto:info@hostalciudadcondal.com\">info@hostalciudadcondal.com<\/a> segons els termes que la normativa aplicable estableix.<\/p><p>Si considera que el tractament no s\u2019ajusta a la normativa vigent, podr\u00e0 presentar una reclamaci\u00f3 davant l\u2019autoritat de control en<u> https:\/\/<\/u><a href=\"http:\/\/www.aepd.es\/\">www.aepd.es\/.<\/a><\/p><p>La sol\u00b7licitud haur\u00e0 de contenir nom, cognoms de l\u2019INTERESSAT, c\u00f2pia del DNI i, en els casos que s\u2019admeti, de la persona que el representi, aix\u00ed com document acreditatiu de la representaci\u00f3, petici\u00f3 en qu\u00e8 es concreta la sol\u00b7licitud, domicili a l\u2019efecte de notificacions, data i signatura del sol\u00b7licitant i documents acreditatius de la petici\u00f3 que formula. Si la sol\u00b7licitud no reuneix els requisits especificats es requerir\u00e0 la seva esmena. Respecte al dret d\u2019acc\u00e9s, \u00fanicament es denegar\u00e0 quan la sol\u00b7licitud sigui formulada per persona diferent de l\u2019afectat. No s\u2019exigir\u00e0 cap contraprestaci\u00f3 per l\u2019exercici dels drets.<\/p><p>En el cas que s\u2019hagi atorgat el consentiment per a alguna finalitat espec\u00edfica, es pot exercitar el dret a retirar aquest consentiment en qualsevol moment, sense que aix\u00f2 afecti la licitud del tractament basat en el consentiment previ a la seva retirada.<\/p><p>L\u2019INTERESSAT queda informat del dret que li assisteix a presentar una reclamaci\u00f3 davant l\u2019Ag\u00e8ncia Espanyola de Protecci\u00f3 de Dades (AEPD) i\/o sol\u00b7licitar la seva tutela, en particular, quan consideri que no ha obtingut satisfacci\u00f3 per part de l\u2019EMPRESA, en l\u2019exercici dels seus drets, a trav\u00e9s de la seu electr\u00f2nica del seu portal web (<u>https:\/\/<\/u><a href=\"http:\/\/www.aepd.es\/)\">www.aepd.es\/),<\/a> o b\u00e9 mitjan\u00e7ant escrit dirigit a la seva adre\u00e7a postal (C\/Jorge Juan, 6, 28001-Madrid).<\/p><p>L\u2019INTERESSAT declara haver estat informat de les condicions sobre Protecci\u00f3 de Dades de Car\u00e0cter Personal en els termes establerts en l\u2019Article 13 del Reglament (UE)2016\/679 del Parlament Europeu I del Consell, relatiu a la protecci\u00f3 de les persones f\u00edsiques pel que fa al tractament de dades personals, atorgant el seu consentiment per al tractament de les seves dades personals en relaci\u00f3 amb les finalitats anteriorment descrites, en la forma i per a les finalitats indicades en la present Pol\u00edtica de Privacitat.<\/p><p>L\u2019EMPRESA es reserva el dret de modificar la seva pol\u00edtica de protecci\u00f3 de dades d\u2019acord amb el seu criteri, o a causa d\u2019un canvi legislatiu, jurisprudencial o en la pr\u00e0ctica empresarial.<\/p><p>Si L\u2019EMPRESA inclogu\u00e9s alguna modificaci\u00f3, el nou text ser\u00e0 publicat en aquest mateix lloc web, on l\u2019INTERESSAT podr\u00e0 tenir coneixement de la pol\u00edtica de protecci\u00f3 de dades actual.<\/p><h3><strong>RE\u01eaUISITS DE LA RESERVA I ACCEPTACI\u00d3 DE LES CONDICIONS GENERALS DE LA RESERVA<\/strong><\/h3><p>La reserva a trav\u00e9s del present lloc web nom\u00e9s pot ser realitzada per persones majors d&#8217;edat, i amb plena capacitat natural i d&#8217;obrar. En realitzar la reserva mitjan\u00e7ant aquest lloc web, Vost\u00e8 est\u00e0 acceptant expressament i sense cap reserva aquestes Condicions Generals,\u00a0 aix\u00ed\u00a0 com\u00a0 les\u00a0 \u201cCondicions\u00a0 generals\u00a0 d&#8217;\u00fas\u00a0 del\u00a0 lloc\u00a0 web\u201d.<\/p><p>DORMIR EN LA CIUDAD CONDAL SL es reserva el dret a realitzar les modificacions que consideri oportunes, sense av\u00eds previ, en les presents Condicions Generals. Aquestes modificacions podran realitzar-se a trav\u00e9s de les websites de l&#8217;empresa, i seran d&#8217;obligat compliment durant el temps en qu\u00e8 es trobin publicades en la web; excepte per als clients que hagin contractat sota la vig\u00e8ncia de les anteriors condicions generals, per als quals aquelles seran les d&#8217;aplicaci\u00f3. Igualment, DORMIR EN LA CIUDAD CONDAL SL es reserva el dret d&#8217;aplicar, en determinats casos, unes Condicions Particulars de Contractaci\u00f3 amb prefer\u00e8ncia a les presents Condicions Generals quan ho consider\u00e9s oport\u00fa, la qual cosa s&#8217;anunciar\u00e0 dins del termini i en la forma escaient oportuns.<\/p><ul><li><strong>INEXIST\u00c8NCIA DE DRET DE DESISTIMENT:<\/strong><\/li><\/ul><p>Segons disposa l&#8217;article 103.i de la Llei de Consumidors\/Usuaris (RDL 1\/2007) a aquest contracte no \u00e9s aplicable el Dret de Desistiment del consumidor\/usuari.<\/p><ul><li><strong>PAGAMENT DE LA RESERVA:<\/strong><\/li><\/ul><p>En el cas que es contracti una oferta d&#8217;habitaci\u00f3 assenyalada com \u201cNo Reemborsable\u201d, el c\u00e0rrec de la totalitat de la reserva s&#8217;efectuar\u00e0 en la targeta banc\u00e0ria assenyalada el mateix dia de la reserva. No podent aquesta ser cancel\u00b7lada sense c\u00e0rrec, ni modificada, ni revenuda de cap manera ni per cap causa.<\/p><p>En altres tarifes Flexibles i\/o altres Ofertes i codis promocionals, el pagament complet s&#8217;efectuar\u00e0 igualment a la confirmaci\u00f3 d&#8217;aquesta, sobre la base de les condicions de cadascuna d&#8217;elles.<\/p><ul><li><strong>\u00daS CAIXA FORTA HABITACI\u00d3:<\/strong><\/li><\/ul><p>Segons l&#8217;article 1783 del Codi Civil, l&#8217;hoste ha d&#8217;informar l&#8217;hoteler els objectes que introdueix en l&#8217;hostal, perqu\u00e8 (i) l&#8217;hoteler pugui prendre les mesures necess\u00e0ries per a evitar<\/p><p>robatoris (per exemple, si l&#8217;hoste porta joies valuoses, l&#8217;hostal pot oferir-li guardar-les en una caixa forta central); (ii) provar que l&#8217;objecte realment existeix i aix\u00ed evitar futurs frau Segons la sent\u00e8ncia de l&#8217;Audi\u00e8ncia Provincial de Madrid 81\/2020, de 17 de febrer (rec. 735\/2019).<\/p><p>DORMIR A LA CIUDAD CONDAL SL li adverteix que no \u00e9s responsable si el client no compleix amb les seves obligacions \u201cEn totes les habitacions, i en el propi establiment\u201d, i que l&#8217;establiment no es fa responsable dels diners, joies o objectes de valor que no es dipositin en la forma establerta en la caixa forta de l&#8217;habitaci\u00f3 i\/o central, especificant-ho per escrit, amb el responsable de reserves.<\/p><p>Aix\u00f2 significa que l&#8217;hotel no ser\u00e0 responsable si l&#8217;hoste no comunica l&#8217;exist\u00e8ncia d&#8217;articles d&#8217;alt valor. Aix\u00ed mateix, L&#8217;hostal NO RESPONDR\u00c0 en els seg\u00fcents casos D&#8217;acord amb l&#8217;article 1784 del Codi Civil, l&#8217;hostal no respondr\u00e0 si la p\u00e8rdua d&#8217;objectes de la caixa fort es deu a: \u201crobatori a m\u00e0 armada, o causada per un altre cas de for\u00e7a major\u201d. Com es pot observar, es tracta de casos molt concrets, i m\u00e9s precisament de \u201crobatori a m\u00e0 armada\u201d, que nom\u00e9s inclou el robatori amb viol\u00e8ncia o intimidaci\u00f3 mitjan\u00e7ant l&#8217;\u00fas d&#8217;una arma.<\/p><ul><li><strong>LLEI APLICABLE I JURISDICCI\u00d3<\/strong><\/li><\/ul><p>L\u2019EMPRESA i l\u2019USUARI-CLIENT, se sotmeten, amb ren\u00fancia expressa a qualsevol altre fur, als Jutjats i Tribunals de la ciutat de BARCELONA (Espanya). Per a qualsevol controv\u00e8rsia que pogu\u00e9s derivar-se de l\u2019acc\u00e9s al Lloc web i\/o els nostres serveis.<\/p>\t\t\t\t\t\t<\/div>\n\t\t\t\t<\/div>\n\t\t\t\t\t<\/div>\n\t\t<\/div>\n\t\t\t\t\t<\/div>\n\t\t<\/section>\n\t\t\t\t<\/div>\n\t\t","protected":false},"excerpt":{"rendered":"<p>AV\u00cdS LEGAL I POL\u00cdTICA DE PRIVACITAT En compliment de l\u2019article 10 de la Llei 34\/2002, d\u201911 de juliol, de Serveis de la Societat de la Informaci\u00f3 i Comer\u00e7 Electr\u00f2nic (*LSSICE), a continuaci\u00f3, s\u2019exposen les dades identificatives de l\u2019empresa titular del &hellip; <a href=\"https:\/\/hostalciudadcondal.com\/ca\/avis-legal-i-politica-de-privacitat\/\">Read More<\/a><\/p>\n","protected":false},"author":1,"featured_media":0,"parent":0,"menu_order":0,"comment_status":"closed","ping_status":"closed","template":"","meta":{"footnotes":""},"class_list":["post-1091","page","type-page","status-publish","hentry"],"_links":{"self":[{"href":"https:\/\/hostalciudadcondal.com\/ca\/wp-json\/wp\/v2\/pages\/1091","targetHints":{"allow":["GET"]}}],"collection":[{"href":"https:\/\/hostalciudadcondal.com\/ca\/wp-json\/wp\/v2\/pages"}],"about":[{"href":"https:\/\/hostalciudadcondal.com\/ca\/wp-json\/wp\/v2\/types\/page"}],"author":[{"embeddable":true,"href":"https:\/\/hostalciudadcondal.com\/ca\/wp-json\/wp\/v2\/users\/1"}],"replies":[{"embeddable":true,"href":"https:\/\/hostalciudadcondal.com\/ca\/wp-json\/wp\/v2\/comments?post=1091"}],"version-history":[{"count":15,"href":"https:\/\/hostalciudadcondal.com\/ca\/wp-json\/wp\/v2\/pages\/1091\/revisions"}],"predecessor-version":[{"id":2316,"href":"https:\/\/hostalciudadcondal.com\/ca\/wp-json\/wp\/v2\/pages\/1091\/revisions\/2316"}],"wp:attachment":[{"href":"https:\/\/hostalciudadcondal.com\/ca\/wp-json\/wp\/v2\/media?parent=1091"}],"curies":[{"name":"wp","href":"https:\/\/api.w.org\/{rel}","templated":true}]}}